{"version":"1.0","type":"rich","provider_name":"Crises et Soci\u00e9t\u00e9","provider_url":"https:\/\/crisesetsociete.com","title":"\u00c9dito du 30\u00a0avril 2026","author_name":"DUQUESNOIS Franck,  \r\nDAVO Yves","width":"480","height":"295","url":"https:\/\/www.crisesetsociete.com\/Edito-du-30-avril-2026","html":"\u003Ch4 class='title'\u003E\u003Ca href='https:\/\/www.crisesetsociete.com\/Edito-du-30-avril-2026'\u003E\u00c9dito du 30\u00a0avril 2026\u003C\/a\u003E\u003C\/h4\u003E\u003Cblockquote class='spip'\u003E\n\u003Cp\u003ECe num\u00e9ro Hors-S\u00e9rie de la revue Crises &amp; Soci\u00e9t\u00e9 s\u2019inscrit dans le prolongement du s\u00e9minaire pluridisciplinaire intitul\u00e9 \u00ab\u003Csmall class=\"fine d-inline\"\u003E\u00a0\u003C\/small\u003ELes dynamiques du langage en contexte de crises\u003Csmall class=\"fine d-inline\"\u003E\u00a0\u003C\/small\u003E\u00bb organis\u00e9 les 28 et 29\u00a0novembre 2024 \u00e0 l\u2019IUT de Bordeaux. Celui-ci constitue le premier volet d\u2019un programme de recherche trisannuel consacr\u00e9 \u00e0 l\u2019analyse des crises contemporaines, envisag\u00e9 \u00e0 partir d\u2019une pluralit\u00e9 de cadres th\u00e9oriques, de terrains empiriques et de dynamiques sp\u00e9cifiques. \n\u003Cbr class='autobr' \/\u003E\nPlac\u00e9e sous le signe d\u2019une\u00a0(\u2026)\u003C\/p\u003E\n\u003C\/blockquote\u003E\n"}